{"id":52,"date":"2019-06-15T00:53:30","date_gmt":"2019-06-14T22:53:30","guid":{"rendered":"http:\/\/www.cafe-altes-pfarrhaus.de\/site\/?page_id=52"},"modified":"2025-10-08T13:14:41","modified_gmt":"2025-10-08T11:14:41","slug":"herzlich-willkommen","status":"publish","type":"page","link":"https:\/\/www.cafe-altes-pfarrhaus.de\/site\/","title":{"rendered":"Herzlich Willkommen!"},"content":{"rendered":"\n<p>Liebe G\u00e4ste,<\/p>\n\n\n\n<p>die Saison 2025 endet dieses Jahr schon etwas fr\u00fcher. Auch im Namen unserer MitarbeiterInnen danken wir f\u00fcr Ihren Besuch. Wir freuen uns auf ein Wiedersehen im Fr\u00fchjahr 2026.<\/p>\n\n\n\n<p><strong>Noch etwas Neues<\/strong>: Als Begleitangebot f\u00fcr Ihre bei uns gebuchten Veranstaltungen k\u00f6nnen wir ihnen ab sofort eine \u00dcbernachtungsm\u00f6glichkeit vor Ort nach Ihrer Feierlichkeit f\u00fcr bis zu vier Personen in einem wundersch\u00f6nen <strong>Retro-Camper<\/strong> anbieten. Nat\u00fcrlich kann der Camper w\u00e4hrend der Feierlichkeit gerne auch zur Unterbringung von Kleinkindern oder als R\u00fcckzugsm\u00f6glichkeit f\u00fcr SeniorenInnen genutzt werden.<\/p>\n\n\n\n<p> <a href=\"https:\/\/www.cafe-altes-pfarrhaus.de\/site\/oeffnungszeiten\" data-type=\"page\" data-id=\"607\">\u00d6ffnungszeiten<\/a><\/p>\n\n\n\n<p><strong>F\u00fcr die Buchung von Veranstaltungen und Feiern erreichen Sie uns  unter info@cafe-altes-pfarrhaus.de oder unter 0178 8454083.<\/strong><\/p>\n\n\n\n<p>Nun ein paar Zeilen zu uns: Seit dem 1. Mai 2019 \u00f6ffnen wir an den Wochenenden unser Caf\u00e9 hier in Stockk\u00e4mpen. Wir freuen uns \u00fcber die vielen G\u00e4ste, die bei gutem Wetter in unserem Biergarten unsere Speise- und Tortenauswahl genie\u00dfen. Falls wir mal kein Biergartenwetter haben, bereiten wir unseren G\u00e4sten gerne eine gem\u00fctliche Zeit in unseren beiden Gastr\u00e4umen. <\/p>\n\n\n\n<p>In der zur\u00fcckliegenden Zeit haben wir schon viele Feierlichkeiten f\u00fcr unsere G\u00e4ste durchgef\u00fchrt (Taufe, Geburtstage, Jubil\u00e4en, Hochzeiten, Verabschiedungen, Weihnachtsfeiern). Im Sommer veranstaltete wir im Biergarten gerne Abende mit  Theater oder Musik. Und in den eher k\u00fchleren Monaten gab es bei uns kulinarische \u00dcberraschungsmen\u00fcs, Autorenlesungen und einen M\u00e4rchenerz\u00e4hlabend. Unsere Gastr\u00e4ume stellen wir gerne K\u00fcnstler*innen zu Ausstellungszwecken zur Verf\u00fcgung.<\/p>\n\n\n\n<p>Auch f\u00fcr die Saison 2026 suchen wir wieder Aushilfen f\u00fcr den Bereich Service, K\u00fcche und Reinigung. Wir w\u00fcrden uns \u00fcber Verst\u00e4rkung in unserem Team Caf\u00e9 Altes Pfarrhaus sehr freuen.<\/p>\n\n\n\n<p>Gerne stehen Ihnen Caf\u00e9 und Biergarten f\u00fcr Ihre Veranstaltungen wie Familien- oder Weihnachtsfeiern (auch an Wochentagen) zur Verf\u00fcgung. Auch Fr\u00fchst\u00fccksgesellschaften ab 20 Personen k\u00f6nnen Sie  gerne bei uns buchen. Rufen  Sie uns einfach zu einem ersten Gespr\u00e4ch an unter Tel. 0178-8454083.<\/p>\n\n\n\n<p>Einen ersten Eindruck von unserem Caf\u00e9 finden Sie unter <a href=\"http:\/\/www.cafe-altes-pfarrhaus.de\/site\/index.php\/impressionen\/\">Impressionen<\/a>.<\/p>\n\n\n\n<p><\/p>\n\n\n\n<p><\/p>\n\n\n\n<p><\/p>\n\n\n\n<p><\/p>\n","protected":false},"excerpt":{"rendered":"<p>Liebe G\u00e4ste, die Saison 2025 endet dieses Jahr schon etwas fr\u00fcher. Auch im Namen unserer MitarbeiterInnen danken wir f\u00fcr Ihren Besuch. Wir freuen uns auf ein Wiedersehen im Fr\u00fchjahr 2026. Noch etwas Neues: Als Begleitangebot f\u00fcr Ihre bei uns gebuchten &hellip; <a href=\"https:\/\/www.cafe-altes-pfarrhaus.de\/site\/\">Weiterlesen <span class=\"meta-nav\">&rarr;<\/span><\/a><\/p>\n","protected":false},"author":1,"featured_media":0,"parent":0,"menu_order":0,"comment_status":"closed","ping_status":"closed","template":"","meta":{"ngg_post_thumbnail":0,"footnotes":""},"class_list":["post-52","page","type-page","status-publish","hentry"],"_links":{"self":[{"href":"https:\/\/www.cafe-altes-pfarrhaus.de\/site\/wp-json\/wp\/v2\/pages\/52","targetHints":{"allow":["GET"]}}],"collection":[{"href":"https:\/\/www.cafe-altes-pfarrhaus.de\/site\/wp-json\/wp\/v2\/pages"}],"about":[{"href":"https:\/\/www.cafe-altes-pfarrhaus.de\/site\/wp-json\/wp\/v2\/types\/page"}],"author":[{"embeddable":true,"href":"https:\/\/www.cafe-altes-pfarrhaus.de\/site\/wp-json\/wp\/v2\/users\/1"}],"replies":[{"embeddable":true,"href":"https:\/\/www.cafe-altes-pfarrhaus.de\/site\/wp-json\/wp\/v2\/comments?post=52"}],"version-history":[{"count":158,"href":"https:\/\/www.cafe-altes-pfarrhaus.de\/site\/wp-json\/wp\/v2\/pages\/52\/revisions"}],"predecessor-version":[{"id":1086,"href":"https:\/\/www.cafe-altes-pfarrhaus.de\/site\/wp-json\/wp\/v2\/pages\/52\/revisions\/1086"}],"wp:attachment":[{"href":"https:\/\/www.cafe-altes-pfarrhaus.de\/site\/wp-json\/wp\/v2\/media?parent=52"}],"curies":[{"name":"wp","href":"https:\/\/api.w.org\/{rel}","templated":true}]}}